{"id":26,"date":"2026-03-31T11:47:41","date_gmt":"2026-03-31T11:47:41","guid":{"rendered":"https:\/\/festjazzdivi5.blackmountainstudio.fr\/?page_id=26"},"modified":"2026-04-29T07:16:22","modified_gmt":"2026-04-29T07:16:22","slug":"lassociation-jazz-kreiz-breizh","status":"publish","type":"page","link":"https:\/\/fest-jazz.com\/en\/lassociation-jazz-kreiz-breizh\/","title":{"rendered":"The Jazz Kreiz Breizh Association"},"content":{"rendered":"<div class=\"et_pb_section_0 et_pb_section et_section_regular et_flex_section\">\n<div class=\"et_pb_row_0 et_pb_row et_flex_row preset--module--divi-row--default\">\n<div class=\"et_pb_column_0 et_pb_column et-last-child et_flex_column et_pb_css_mix_blend_mode_passthrough et_flex_column_24_24 et_flex_column_24_24_tablet et_flex_column_24_24_phone et_flex_column_24_24_tabletWide\">\n<div class=\"et_pb_image_0 et_pb_image et_pb_module et_flex_module\"><span class=\"et_pb_image_wrap\"><img decoding=\"async\" src=\"https:\/\/fest-jazz.com\/wp-content\/uploads\/2026\/04\/Pink-Background.jpg\" title=\"Pink background\" width=\"1849\" height=\"381\" srcset=\"https:\/\/fest-jazz.com\/wp-content\/uploads\/2026\/04\/Pink-Background.jpg 1849w\" sizes=\"(max-width: 1849px) 100vw, 1849px\" class=\"wp-image-320\" \/><\/span><\/div>\n<\/div>\n<\/div>\n\n<div class=\"et_pb_row_1 et_pb_row et_flex_row preset--module--divi-row--h4i4gscmzt\">\n<div class=\"et_pb_column_1 et_pb_column et-last-child et_flex_column et_pb_css_mix_blend_mode_passthrough et_flex_column_24_24 et_flex_column_24_24_tablet et_flex_column_24_24_phone et_flex_column_24_24_tabletWide\">\n<div class=\"et_pb_heading_0 et_pb_heading et_pb_module et_flex_module preset--module--divi-heading--5ahdoldi67\"><div class=\"et_pb_heading_container\"><h1 class=\"et_pb_module_header\">Association jazz kreiz breizh\n<\/h1><\/div><\/div>\n\n<div class=\"et_pb_text_0 et_pb_text et_pb_bg_layout_light et_pb_module et_flex_module preset--module--divi-text--zw7heqftvr\"><div class=\"et_pb_text_inner\"><p>Founded in 2004 as a non-profit organization under the 1901 French law, Jazz Kreiz Breizh aims to promote and celebrate jazz in Central Brittany. With this goal in mind, the organization works to implement three complementary cultural initiatives:<\/p>\n<ul>\n<li>Organizing interventions for school children (primary, middle, high schools and music schools)<\/\/li>\n<li>Organizing one-off concerts in the region<\/li>\n<li>Fest Jazz<\/li>\n<\/ul>\n<p>To join, click on \"join\" right here:<\/p>\n<\/div><\/div>\n\n<div class=\"et_pb_code_0 et_pb_code et_pb_module\"><div class=\"et_pb_code_inner\"><iframe id=\"haWidget\" allowtransparency=\"true\" src=\"https:\/\/www.helloasso.com\/associations\/jazz-kreiz-breizh\/adhesions\/adhesions-2026\/widget-bouton\" style=\"width: 100%; height: 70px; border: none;\" onload=\"window.addEventListener( 'message', function(e) { const dataHeight = e.data.height; const haWidgetElement = document.getElementById('haWidget'); haWidgetElement.height = dataHeight + 'px'; } )\" ><\/iframe><\/div><\/div>\n<\/div>\n<\/div>\n<\/div>\n\n<div class=\"et_pb_section_1 et_pb_section et_section_regular et_flex_section preset--group--divi-section--divi-spacing--hz5ljtx--nested--v510ztxdvr preset--module--divi-section--c1e4d3r500\">\n<div class=\"et_pb_row_2 et_pb_row et_flex_row preset--module--divi-row--h4i4gscmzt\">\n<div class=\"et_pb_column_2 et_pb_column et-last-child et_flex_column et_pb_css_mix_blend_mode_passthrough et_flex_column_24_24 et_flex_column_24_24_tablet et_flex_column_24_24_phone et_flex_column_24_24_tabletWide\">\n<div class=\"et_pb_heading_1 et_pb_heading et_pb_module et_flex_module preset--module--divi-heading--k86zmhmy0e\"><div class=\"et_pb_heading_container\"><h1 class=\"et_pb_module_header\">Review of the 2025 Jazz Festival\n\n<\/h1><\/div><\/div>\n\n<div class=\"et_pb_text_1 et_pb_text et_pb_bg_layout_light et_pb_module et_flex_module preset--module--divi-text--zw7heqftvr\"><div class=\"et_pb_text_inner\"><p class=\"translation-block\">To download the Fest Jazz 2025 report: <a href=\"https:\/\/drive.google.com\/file\/d\/13PqTFKUX9AXhjgeYc6XrYb-ZqA0Zkc37\/view?usp=sharing\" target=\"_self\">click here<\/a><\/p>\n<\/div><\/div>\n\n<div class=\"et_pb_heading_2 et_pb_heading et_pb_module et_flex_module preset--module--divi-heading--k86zmhmy0e\"><div class=\"et_pb_heading_container\"><h1 class=\"et_pb_module_header\">Presentation of the association\n\n<\/h1><\/div><\/div>\n\n<div class=\"et_pb_text_2 et_pb_text et_pb_bg_layout_light et_pb_module et_flex_module preset--module--divi-text--zw7heqftvr\"><div class=\"et_pb_text_inner\"><p class=\"translation-block\">To download the association's presentation: <a href=\"https:\/\/drive.google.com\/file\/d\/1JjJv5E3ooaDvqWDMIF6FdQ4kZMIzwcH6\/view?usp=sharing\" target=\"_self\">click here<\/a><\/p>\n<\/div><\/div>\n\n<div class=\"et_pb_heading_3 et_pb_heading et_pb_module et_flex_module preset--module--divi-heading--k86zmhmy0e\"><div class=\"et_pb_heading_container\"><h1 class=\"et_pb_module_header\">Jazz at school\n<\/h1><\/div><\/div>\n\n<div class=\"et_pb_text_3 et_pb_text et_pb_bg_layout_light et_pb_module et_flex_module preset--module--divi-text--zw7heqftvr\"><div class=\"et_pb_text_inner\"><p>The Jazz in Schools project began in 2008 with the aim of bringing jazz music and culture to young audiences. The association brings the GOOD TIME JAZZ group into elementary, middle, and high schools. For one hour, the group presents the history and culture of jazz, enriched with videos and musical performances. This program aims to raise awareness among young people aged 8 to 18 about the origins of jazz music: slavery, racial discrimination, segregation, and the fight for civil rights in the United States. All of this is illustrated through music! The association is also committed to meeting young talents from the region and giving them the opportunity to perform on stage during the association's concerts and the Jazz Festival.<\/p>\n<\/div><\/div>\n\n<div class=\"et_pb_heading_4 et_pb_heading et_pb_module et_flex_module preset--module--divi-heading--k86zmhmy0e\"><div class=\"et_pb_heading_container\"><h1 class=\"et_pb_module_header\">Concerts\n\n<\/h1><\/div><\/div>\n\n<div class=\"et_pb_text_4 et_pb_text et_pb_bg_layout_light et_pb_module et_flex_module preset--module--divi-text--zw7heqftvr\"><div class=\"et_pb_text_inner\"><p>L\u2019association ne se contente pas d\u2019organiser le festival Fest Jazz dans la r\u00e9gion. Elle organise des concerts tout au long de l\u2019ann\u00e9e, notamment dans les petits villages des environs de Ch\u00e2teauneuf-du-Faou (Laz, Plon\u00e9vez-du-Faou, Gou\u00e9zec, Sp\u00e9zet...). Outre le jazz, les concerts proposent \u00e9galement d\u2019autres styles musicaux, tels que le rhythm and blues, le bluegrass, la musique folk et la musique du monde. De plus, l\u2019association organise r\u00e9guli\u00e8rement des ateliers de danse swing, des cin\u00e9-d\u00e9bats et des conf\u00e9rences sur le jazz et ses liens avec les probl\u00e8mes sociaux actuels.<\/p>\n<\/div><\/div>\n\n<div class=\"et_pb_heading_5 et_pb_heading et_pb_module et_flex_module preset--module--divi-heading--k86zmhmy0e\"><div class=\"et_pb_heading_container\"><h1 class=\"et_pb_module_header\">Fest jazz\n\n<\/h1><\/div><\/div>\n\n<div class=\"et_pb_text_5 et_pb_text et_pb_bg_layout_light et_pb_module et_flex_module preset--module--divi-text--zw7heqftvr\"><div class=\"et_pb_text_inner\"><p>Since 2005, the Fest Jazz has grown into the premier event for jazz, swing, and festive music lovers in Ch\u00e2teauneuf-du-Faou. Located in the heart of Central Brittany, the festival welcomes between 3,000 and 4,000 people each year and enjoys increasing success thanks to its welcoming and accessible atmosphere. There's no elitism here, nor is there complicated or pretentious jazz, but rather a relaxed, youthful, and festive ambiance. Spectators stroll among the lively melodies and the five covered stages along the banks of the Aulne River, in one of the most beautiful corners of Brittany.<\/p>\n<\/div><\/div>\n\n<div class=\"et_pb_heading_6 et_pb_heading et_pb_module et_flex_module preset--module--divi-heading--k86zmhmy0e\"><div class=\"et_pb_heading_container\"><h1 class=\"et_pb_module_header\">Administrative information\n\n<\/h1><\/div><\/div>\n\n<div class=\"et_pb_text_6 et_pb_text et_pb_bg_layout_light et_pb_module et_flex_module preset--module--divi-text--zw7heqftvr\"><div class=\"et_pb_text_inner\"><p class=\"translation-block\">Registered office: 7 rue de la Mairie, 29520 Ch\u00e2teauneuf-du-Faou<br>\nSIRET number: 479 231 540 00028<\/p>\n<p>Licenses: PLATESV-R-2024-002461 and PLATESV-R-2024-002468<br \/>\nAPE : 9499Z<\/p>\n<p>President : Trevor Stent <\/p>\n<p>Vice-President : Cathy Stum<\/p>\n<p>Secretary : Mich\u00e8le Peron<\/p>\n<p>Treasurer : Annick Lamboley<\/p>\n<p>Technical Director: Christian Le Clech<\/p>\n<p>Production Manager: Constance Eve<\/p>\n<p>Communications : Mathias Desch\u00e8re<\/p>\n<\/div><\/div>\n\n<div class=\"et_pb_image_1 et_pb_image et_pb_module et_flex_module\"><span class=\"et_pb_image_wrap\"><img decoding=\"async\" src=\"https:\/\/fest-jazz.com\/wp-content\/uploads\/2026\/04\/Constance-Eve-and-Mathias-Deschere.webp\" title=\"Constance Eve-and-Mathias Deschere\" width=\"744\" height=\"486\" srcset=\"https:\/\/fest-jazz.com\/wp-content\/uploads\/2026\/04\/Constance-Eve-and-Mathias-Deschere.webp 744w\" sizes=\"(max-width: 744px) 100vw, 744px\" class=\"wp-image-565\" \/><\/span><\/div>\n\n<div class=\"et_pb_text_7 et_pb_text et_pb_bg_layout_light et_pb_module et_flex_module\"><div class=\"et_pb_text_inner\"><p>Photo by Constance Eve (Production Manager) &amp; Mathias Deschere (Communications Manager)<\/p>\n<\/div><\/div>\n<\/div>\n<\/div>\n<\/div>","protected":false},"excerpt":{"rendered":"","protected":false},"author":5,"featured_media":0,"parent":0,"menu_order":0,"comment_status":"closed","ping_status":"closed","template":"","meta":{"footnotes":""},"class_list":["post-26","page","type-page","status-publish","hentry"],"yoast_head":"<!-- This site is optimized with the Yoast SEO plugin v27.5 - https:\/\/yoast.com\/product\/yoast-seo-wordpress\/ -->\n<title>L&#039;Association Jazz Kreiz Breizh - Fest Jazz 2026<\/title>\n<meta name=\"robots\" content=\"index, follow, max-snippet:-1, max-image-preview:large, max-video-preview:-1\" \/>\n<link rel=\"canonical\" href=\"https:\/\/fest-jazz.com\/en\/lassociation-jazz-kreiz-breizh\/\" \/>\n<meta property=\"og:locale\" content=\"en_GB\" \/>\n<meta property=\"og:type\" content=\"article\" \/>\n<meta property=\"og:title\" content=\"L&#039;Association Jazz Kreiz Breizh - Fest Jazz 2026\" \/>\n<meta property=\"og:url\" content=\"https:\/\/fest-jazz.com\/en\/lassociation-jazz-kreiz-breizh\/\" \/>\n<meta property=\"og:site_name\" content=\"Fest Jazz 2026\" \/>\n<meta property=\"article:publisher\" content=\"https:\/\/www.facebook.com\/FestJazz\" \/>\n<meta property=\"article:modified_time\" content=\"2026-04-29T07:16:22+00:00\" \/>\n<meta name=\"twitter:card\" content=\"summary_large_image\" \/>\n<script type=\"application\/ld+json\" class=\"yoast-schema-graph\">{\"@context\":\"https:\\\/\\\/schema.org\",\"@graph\":[{\"@type\":\"WebPage\",\"@id\":\"https:\\\/\\\/fest-jazz.com\\\/lassociation-jazz-kreiz-breizh\\\/\",\"url\":\"https:\\\/\\\/fest-jazz.com\\\/lassociation-jazz-kreiz-breizh\\\/\",\"name\":\"L'Association Jazz Kreiz Breizh - Fest Jazz 2026\",\"isPartOf\":{\"@id\":\"https:\\\/\\\/fest-jazz.com\\\/#website\"},\"datePublished\":\"2026-03-31T11:47:41+00:00\",\"dateModified\":\"2026-04-29T07:16:22+00:00\",\"breadcrumb\":{\"@id\":\"https:\\\/\\\/fest-jazz.com\\\/lassociation-jazz-kreiz-breizh\\\/#breadcrumb\"},\"inLanguage\":\"en-GB\",\"potentialAction\":[{\"@type\":\"ReadAction\",\"target\":[\"https:\\\/\\\/fest-jazz.com\\\/lassociation-jazz-kreiz-breizh\\\/\"]}]},{\"@type\":\"BreadcrumbList\",\"@id\":\"https:\\\/\\\/fest-jazz.com\\\/lassociation-jazz-kreiz-breizh\\\/#breadcrumb\",\"itemListElement\":[{\"@type\":\"ListItem\",\"position\":1,\"name\":\"Home\",\"item\":\"https:\\\/\\\/fest-jazz.com\\\/\"},{\"@type\":\"ListItem\",\"position\":2,\"name\":\"L&rsquo;Association Jazz Kreiz Breizh\"}]},{\"@type\":\"WebSite\",\"@id\":\"https:\\\/\\\/fest-jazz.com\\\/#website\",\"url\":\"https:\\\/\\\/fest-jazz.com\\\/\",\"name\":\"Fest Jazz 2026\",\"description\":\"Just another WordPress site\",\"publisher\":{\"@id\":\"https:\\\/\\\/fest-jazz.com\\\/#organization\"},\"potentialAction\":[{\"@type\":\"SearchAction\",\"target\":{\"@type\":\"EntryPoint\",\"urlTemplate\":\"https:\\\/\\\/fest-jazz.com\\\/?s={search_term_string}\"},\"query-input\":{\"@type\":\"PropertyValueSpecification\",\"valueRequired\":true,\"valueName\":\"search_term_string\"}}],\"inLanguage\":\"en-GB\"},{\"@type\":\"Organization\",\"@id\":\"https:\\\/\\\/fest-jazz.com\\\/#organization\",\"name\":\"Fest Jazz 2026\",\"url\":\"https:\\\/\\\/fest-jazz.com\\\/\",\"logo\":{\"@type\":\"ImageObject\",\"inLanguage\":\"en-GB\",\"@id\":\"https:\\\/\\\/fest-jazz.com\\\/#\\\/schema\\\/logo\\\/image\\\/\",\"url\":\"https:\\\/\\\/fest-jazz.com\\\/wp-content\\\/uploads\\\/2026\\\/04\\\/logo-fest-jazz-pastel.webp\",\"contentUrl\":\"https:\\\/\\\/fest-jazz.com\\\/wp-content\\\/uploads\\\/2026\\\/04\\\/logo-fest-jazz-pastel.webp\",\"width\":1920,\"height\":1080,\"caption\":\"Fest Jazz 2026\"},\"image\":{\"@id\":\"https:\\\/\\\/fest-jazz.com\\\/#\\\/schema\\\/logo\\\/image\\\/\"},\"sameAs\":[\"https:\\\/\\\/www.facebook.com\\\/FestJazz\",\"https:\\\/\\\/www.youtube.com\\\/@MrPoppy800\",\"https:\\\/\\\/fest-jazz.com\\\/en\\\/#\"]}]}<\/script>\n<!-- \/ Yoast SEO plugin. -->","yoast_head_json":{"title":"L'Association Jazz Kreiz Breizh - Fest Jazz 2026","robots":{"index":"index","follow":"follow","max-snippet":"max-snippet:-1","max-image-preview":"max-image-preview:large","max-video-preview":"max-video-preview:-1"},"canonical":"https:\/\/fest-jazz.com\/en\/lassociation-jazz-kreiz-breizh\/","og_locale":"en_GB","og_type":"article","og_title":"L'Association Jazz Kreiz Breizh - Fest Jazz 2026","og_url":"https:\/\/fest-jazz.com\/en\/lassociation-jazz-kreiz-breizh\/","og_site_name":"Fest Jazz 2026","article_publisher":"https:\/\/www.facebook.com\/FestJazz","article_modified_time":"2026-04-29T07:16:22+00:00","twitter_card":"summary_large_image","schema":{"@context":"https:\/\/schema.org","@graph":[{"@type":"WebPage","@id":"https:\/\/fest-jazz.com\/lassociation-jazz-kreiz-breizh\/","url":"https:\/\/fest-jazz.com\/lassociation-jazz-kreiz-breizh\/","name":"L'Association Jazz Kreiz Breizh - Fest Jazz 2026","isPartOf":{"@id":"https:\/\/fest-jazz.com\/#website"},"datePublished":"2026-03-31T11:47:41+00:00","dateModified":"2026-04-29T07:16:22+00:00","breadcrumb":{"@id":"https:\/\/fest-jazz.com\/lassociation-jazz-kreiz-breizh\/#breadcrumb"},"inLanguage":"en-GB","potentialAction":[{"@type":"ReadAction","target":["https:\/\/fest-jazz.com\/lassociation-jazz-kreiz-breizh\/"]}]},{"@type":"BreadcrumbList","@id":"https:\/\/fest-jazz.com\/lassociation-jazz-kreiz-breizh\/#breadcrumb","itemListElement":[{"@type":"ListItem","position":1,"name":"Home","item":"https:\/\/fest-jazz.com\/"},{"@type":"ListItem","position":2,"name":"L&rsquo;Association Jazz Kreiz Breizh"}]},{"@type":"WebSite","@id":"https:\/\/fest-jazz.com\/#website","url":"https:\/\/fest-jazz.com\/","name":"Fest Jazz 2026","description":"Just another WordPress site","publisher":{"@id":"https:\/\/fest-jazz.com\/#organization"},"potentialAction":[{"@type":"SearchAction","target":{"@type":"EntryPoint","urlTemplate":"https:\/\/fest-jazz.com\/?s={search_term_string}"},"query-input":{"@type":"PropertyValueSpecification","valueRequired":true,"valueName":"search_term_string"}}],"inLanguage":"en-GB"},{"@type":"Organization","@id":"https:\/\/fest-jazz.com\/#organization","name":"Fest Jazz 2026","url":"https:\/\/fest-jazz.com\/","logo":{"@type":"ImageObject","inLanguage":"en-GB","@id":"https:\/\/fest-jazz.com\/#\/schema\/logo\/image\/","url":"https:\/\/fest-jazz.com\/wp-content\/uploads\/2026\/04\/logo-fest-jazz-pastel.webp","contentUrl":"https:\/\/fest-jazz.com\/wp-content\/uploads\/2026\/04\/logo-fest-jazz-pastel.webp","width":1920,"height":1080,"caption":"Fest Jazz 2026"},"image":{"@id":"https:\/\/fest-jazz.com\/#\/schema\/logo\/image\/"},"sameAs":["https:\/\/www.facebook.com\/FestJazz","https:\/\/www.youtube.com\/@MrPoppy800","https:\/\/fest-jazz.com\/en\/#"]}]}},"_links":{"self":[{"href":"https:\/\/fest-jazz.com\/en\/wp-json\/wp\/v2\/pages\/26","targetHints":{"allow":["GET"]}}],"collection":[{"href":"https:\/\/fest-jazz.com\/en\/wp-json\/wp\/v2\/pages"}],"about":[{"href":"https:\/\/fest-jazz.com\/en\/wp-json\/wp\/v2\/types\/page"}],"author":[{"embeddable":true,"href":"https:\/\/fest-jazz.com\/en\/wp-json\/wp\/v2\/users\/5"}],"replies":[{"embeddable":true,"href":"https:\/\/fest-jazz.com\/en\/wp-json\/wp\/v2\/comments?post=26"}],"version-history":[{"count":16,"href":"https:\/\/fest-jazz.com\/en\/wp-json\/wp\/v2\/pages\/26\/revisions"}],"predecessor-version":[{"id":1433,"href":"https:\/\/fest-jazz.com\/en\/wp-json\/wp\/v2\/pages\/26\/revisions\/1433"}],"wp:attachment":[{"href":"https:\/\/fest-jazz.com\/en\/wp-json\/wp\/v2\/media?parent=26"}],"curies":[{"name":"wp","href":"https:\/\/api.w.org\/{rel}","templated":true}]}}